{"id":651,"date":"2021-04-25T18:23:51","date_gmt":"2021-04-25T17:23:51","guid":{"rendered":"http:\/\/vyrnab.cz\/?page_id=651"},"modified":"2021-04-25T18:23:51","modified_gmt":"2021-04-25T17:23:51","slug":"o-spolecnosti","status":"publish","type":"page","link":"https:\/\/vyrnab.cz\/?page_id=651","title":{"rendered":"O Spole\u010dnosti"},"content":{"rendered":"\n<p class=\"has-text-align-left\"><strong>Gorenje<\/strong> je slovinsk\u00e1 spole\u010dnost, kter\u00e1 pat\u0159\u00ed mezi hlavn\u00ed evropsk\u00e9 v\u00fdrobce kuchy\u0148sk\u00e9 elektrotechniky. Spot\u0159ebi\u010de dod\u00e1v\u00e1 ve v\u00edce ne\u017e 70 zem\u00edch po cel\u00e9m sv\u011bt\u011b<\/p>\n\n\n\n<div class=\"wp-block-image\"><figure class=\"alignleft size-large\"><a href=\"http:\/\/vyrnab.cz\/wp-content\/uploads\/2021\/04\/Lines-Retro-Special-Edition-Ambi-Red-1600Wx600H.jpg\"><img loading=\"lazy\" width=\"1024\" height=\"384\" src=\"http:\/\/vyrnab.cz\/wp-content\/uploads\/2021\/04\/Lines-Retro-Special-Edition-Ambi-Red-1600Wx600H-1024x384.jpg\" alt=\"\" class=\"wp-image-653\" srcset=\"https:\/\/vyrnab.cz\/wp-content\/uploads\/2021\/04\/Lines-Retro-Special-Edition-Ambi-Red-1600Wx600H-1024x384.jpg 1024w, https:\/\/vyrnab.cz\/wp-content\/uploads\/2021\/04\/Lines-Retro-Special-Edition-Ambi-Red-1600Wx600H-300x113.jpg 300w, https:\/\/vyrnab.cz\/wp-content\/uploads\/2021\/04\/Lines-Retro-Special-Edition-Ambi-Red-1600Wx600H-768x288.jpg 768w, https:\/\/vyrnab.cz\/wp-content\/uploads\/2021\/04\/Lines-Retro-Special-Edition-Ambi-Red-1600Wx600H-1536x576.jpg 1536w, https:\/\/vyrnab.cz\/wp-content\/uploads\/2021\/04\/Lines-Retro-Special-Edition-Ambi-Red-1600Wx600H-676x254.jpg 676w, https:\/\/vyrnab.cz\/wp-content\/uploads\/2021\/04\/Lines-Retro-Special-Edition-Ambi-Red-1600Wx600H.jpg 1600w\" sizes=\"(max-width: 1024px) 100vw, 1024px\" \/><\/a><\/figure><\/div>\n\n\n\n<div style=\"height:13px\" aria-hidden=\"true\" class=\"wp-block-spacer\"><\/div>\n\n\n\n<p>Spole\u010dnost byla zalo\u017eena v roce 1950, jej\u00ed s\u00eddlo se nach\u00e1z\u00ed ve slovinsk\u00e9m m\u011bst\u011b <a href=\"https:\/\/cs.wikipedia.org\/wiki\/Velenje\" target=\"_blank\" rel=\"noreferrer noopener\">Velenje<\/a>, modern\u00ed v\u00fdrobn\u00ed z\u00e1vody m\u00e1 krom\u011b Velenje je\u0161t\u011b v moravsk\u00e9m <a href=\"https:\/\/cs.wikipedia.org\/wiki\/Mari%C3%A1nsk%C3%A9_%C3%9Adol%C3%AD_(Hlubo%C4%8Dky)\" target=\"_blank\" rel=\"noreferrer noopener\">Mari\u00e1nsk\u00e9m \u00dadol\u00ed<\/a> (<a href=\"https:\/\/cs.wikipedia.org\/wiki\/Mora_Moravia\" target=\"_blank\" rel=\"noreferrer noopener\">Mora Moravia<\/a>)<sup><a href=\"https:\/\/cs.wikipedia.org\/wiki\/Gorenje#cite_note-1\"> <\/a><\/sup>a v <a href=\"https:\/\/cs.wikipedia.org\/wiki\/Srbsko\" target=\"_blank\" rel=\"noreferrer noopener\">srbsk\u00e9m<\/a><a href=\"https:\/\/cs.wikipedia.org\/wiki\/Valjevo\">Valjevu<\/a><\/p>\n\n\n\n<div class=\"wp-block-image\"><figure class=\"alignright size-large is-resized\"><a href=\"http:\/\/vyrnab.cz\/wp-content\/uploads\/2021\/04\/79364599_2551760904923427_4298489598679449600_n.jpg\"><img loading=\"lazy\" src=\"http:\/\/vyrnab.cz\/wp-content\/uploads\/2021\/04\/79364599_2551760904923427_4298489598679449600_n-1024x557.jpg\" alt=\"\" class=\"wp-image-654\" width=\"1006\" height=\"546\" srcset=\"https:\/\/vyrnab.cz\/wp-content\/uploads\/2021\/04\/79364599_2551760904923427_4298489598679449600_n-1024x557.jpg 1024w, https:\/\/vyrnab.cz\/wp-content\/uploads\/2021\/04\/79364599_2551760904923427_4298489598679449600_n-300x163.jpg 300w, https:\/\/vyrnab.cz\/wp-content\/uploads\/2021\/04\/79364599_2551760904923427_4298489598679449600_n-768x417.jpg 768w, https:\/\/vyrnab.cz\/wp-content\/uploads\/2021\/04\/79364599_2551760904923427_4298489598679449600_n-1536x835.jpg 1536w, https:\/\/vyrnab.cz\/wp-content\/uploads\/2021\/04\/79364599_2551760904923427_4298489598679449600_n-676x367.jpg 676w, https:\/\/vyrnab.cz\/wp-content\/uploads\/2021\/04\/79364599_2551760904923427_4298489598679449600_n.jpg 2048w\" sizes=\"(max-width: 1006px) 100vw, 1006px\" \/><\/a><\/figure><\/div>\n\n\n\n<div style=\"height:16px\" aria-hidden=\"true\" class=\"wp-block-spacer\"><\/div>\n\n\n\n<p>Zna\u010dka gorenje z\u00edskala mezin\u00e1rodn\u00ed ceny: Red Dot Design Award (19 cen do roku 2013), Plus X AwardTM (13 cen do roku 2013), ceny Gr\u00fcner Stecker, Get Connected Product of the Year Award, Product Innovation Award, Trusted Brand, Superbrands, Icograda Excellence Design Award, ICSID Excellence Design Award, Innovation of the year a dal\u0161\u00ed.<\/p>\n\n\n\n<figure class=\"wp-block-image size-large is-resized\"><a href=\"http:\/\/vyrnab.cz\/wp-content\/uploads\/2021\/04\/Hood-in-hob-1600Wx600H.png\"><img loading=\"lazy\" src=\"http:\/\/vyrnab.cz\/wp-content\/uploads\/2021\/04\/Hood-in-hob-1600Wx600H-1024x384.png\" alt=\"\" class=\"wp-image-652\" width=\"599\" height=\"224\" srcset=\"https:\/\/vyrnab.cz\/wp-content\/uploads\/2021\/04\/Hood-in-hob-1600Wx600H-1024x384.png 1024w, https:\/\/vyrnab.cz\/wp-content\/uploads\/2021\/04\/Hood-in-hob-1600Wx600H-300x113.png 300w, https:\/\/vyrnab.cz\/wp-content\/uploads\/2021\/04\/Hood-in-hob-1600Wx600H-768x288.png 768w, https:\/\/vyrnab.cz\/wp-content\/uploads\/2021\/04\/Hood-in-hob-1600Wx600H-1536x576.png 1536w, https:\/\/vyrnab.cz\/wp-content\/uploads\/2021\/04\/Hood-in-hob-1600Wx600H-676x254.png 676w, https:\/\/vyrnab.cz\/wp-content\/uploads\/2021\/04\/Hood-in-hob-1600Wx600H.png 1600w\" sizes=\"(max-width: 599px) 100vw, 599px\" \/><\/a><\/figure>\n\n\n\n<div class=\"wp-block-image\"><figure class=\"alignright size-large is-resized\"><a href=\"http:\/\/vyrnab.cz\/wp-content\/uploads\/2021\/04\/162658112_3321250164641160_7291648424509949978_n.jpg\"><img loading=\"lazy\" src=\"http:\/\/vyrnab.cz\/wp-content\/uploads\/2021\/04\/162658112_3321250164641160_7291648424509949978_n-1024x688.jpg\" alt=\"\" class=\"wp-image-656\" width=\"597\" height=\"401\" srcset=\"https:\/\/vyrnab.cz\/wp-content\/uploads\/2021\/04\/162658112_3321250164641160_7291648424509949978_n-1024x688.jpg 1024w, https:\/\/vyrnab.cz\/wp-content\/uploads\/2021\/04\/162658112_3321250164641160_7291648424509949978_n-300x202.jpg 300w, https:\/\/vyrnab.cz\/wp-content\/uploads\/2021\/04\/162658112_3321250164641160_7291648424509949978_n-768x516.jpg 768w, https:\/\/vyrnab.cz\/wp-content\/uploads\/2021\/04\/162658112_3321250164641160_7291648424509949978_n-1536x1033.jpg 1536w, https:\/\/vyrnab.cz\/wp-content\/uploads\/2021\/04\/162658112_3321250164641160_7291648424509949978_n-676x454.jpg 676w, https:\/\/vyrnab.cz\/wp-content\/uploads\/2021\/04\/162658112_3321250164641160_7291648424509949978_n.jpg 1785w\" sizes=\"(max-width: 597px) 100vw, 597px\" \/><\/a><\/figure><\/div>\n\n\n\n<figure class=\"wp-block-image size-large is-resized\"><a href=\"http:\/\/vyrnab.cz\/wp-content\/uploads\/2021\/04\/153559074_3253314604768050_3460065640313649142_n.jpg\"><img loading=\"lazy\" src=\"http:\/\/vyrnab.cz\/wp-content\/uploads\/2021\/04\/153559074_3253314604768050_3460065640313649142_n-1024x683.jpg\" alt=\"\" class=\"wp-image-655\" width=\"598\" height=\"398\" srcset=\"https:\/\/vyrnab.cz\/wp-content\/uploads\/2021\/04\/153559074_3253314604768050_3460065640313649142_n-1024x683.jpg 1024w, https:\/\/vyrnab.cz\/wp-content\/uploads\/2021\/04\/153559074_3253314604768050_3460065640313649142_n-300x200.jpg 300w, https:\/\/vyrnab.cz\/wp-content\/uploads\/2021\/04\/153559074_3253314604768050_3460065640313649142_n-768x512.jpg 768w, https:\/\/vyrnab.cz\/wp-content\/uploads\/2021\/04\/153559074_3253314604768050_3460065640313649142_n-1536x1024.jpg 1536w, https:\/\/vyrnab.cz\/wp-content\/uploads\/2021\/04\/153559074_3253314604768050_3460065640313649142_n-676x451.jpg 676w, https:\/\/vyrnab.cz\/wp-content\/uploads\/2021\/04\/153559074_3253314604768050_3460065640313649142_n.jpg 1800w\" sizes=\"(max-width: 598px) 100vw, 598px\" \/><\/a><\/figure>\n\n\n\n<figure class=\"wp-block-image size-large is-resized\"><a href=\"https:\/\/cz.gorenje.com\/\" target=\"_blank\" rel=\"https:\/\/cz.gorenje.com\/ noopener\"><img loading=\"lazy\" src=\"http:\/\/vyrnab.cz\/wp-content\/uploads\/2021\/04\/gorenje-logo-narrow-1024x142.jpg\" alt=\"\" class=\"wp-image-649\" width=\"602\" height=\"83\" srcset=\"https:\/\/vyrnab.cz\/wp-content\/uploads\/2021\/04\/gorenje-logo-narrow-1024x142.jpg 1024w, https:\/\/vyrnab.cz\/wp-content\/uploads\/2021\/04\/gorenje-logo-narrow-300x42.jpg 300w, https:\/\/vyrnab.cz\/wp-content\/uploads\/2021\/04\/gorenje-logo-narrow-768x107.jpg 768w, https:\/\/vyrnab.cz\/wp-content\/uploads\/2021\/04\/gorenje-logo-narrow-676x94.jpg 676w, https:\/\/vyrnab.cz\/wp-content\/uploads\/2021\/04\/gorenje-logo-narrow.jpg 1518w\" sizes=\"(max-width: 602px) 100vw, 602px\" \/><\/a><\/figure>\n\n\n\n<p><\/p>\n","protected":false},"excerpt":{"rendered":"<p>Gorenje je slovinsk\u00e1 spole\u010dnost, kter\u00e1 pat\u0159\u00ed mezi hlavn\u00ed evropsk\u00e9 v\u00fdrobce kuchy\u0148sk\u00e9 elektrotechniky. Spot\u0159ebi\u010de dod\u00e1v\u00e1 ve v\u00edce ne\u017e 70 zem\u00edch po cel\u00e9m sv\u011bt\u011b Spole\u010dnost byla zalo\u017eena v roce 1950, jej\u00ed s\u00eddlo se nach\u00e1z\u00ed ve slovinsk\u00e9m m\u011bst\u011b Velenje, modern\u00ed v\u00fdrobn\u00ed z\u00e1vody m\u00e1 krom\u011b Velenje je\u0161t\u011b v moravsk\u00e9m Mari\u00e1nsk\u00e9m \u00dadol\u00ed (Mora Moravia) a v srbsk\u00e9mValjevu Zna\u010dka gorenje z\u00edskala [&hellip;]<\/p>\n","protected":false},"author":1,"featured_media":0,"parent":0,"menu_order":0,"comment_status":"closed","ping_status":"closed","template":"","meta":[],"_links":{"self":[{"href":"https:\/\/vyrnab.cz\/index.php?rest_route=\/wp\/v2\/pages\/651"}],"collection":[{"href":"https:\/\/vyrnab.cz\/index.php?rest_route=\/wp\/v2\/pages"}],"about":[{"href":"https:\/\/vyrnab.cz\/index.php?rest_route=\/wp\/v2\/types\/page"}],"author":[{"embeddable":true,"href":"https:\/\/vyrnab.cz\/index.php?rest_route=\/wp\/v2\/users\/1"}],"replies":[{"embeddable":true,"href":"https:\/\/vyrnab.cz\/index.php?rest_route=%2Fwp%2Fv2%2Fcomments&post=651"}],"version-history":[{"count":6,"href":"https:\/\/vyrnab.cz\/index.php?rest_route=\/wp\/v2\/pages\/651\/revisions"}],"predecessor-version":[{"id":662,"href":"https:\/\/vyrnab.cz\/index.php?rest_route=\/wp\/v2\/pages\/651\/revisions\/662"}],"wp:attachment":[{"href":"https:\/\/vyrnab.cz\/index.php?rest_route=%2Fwp%2Fv2%2Fmedia&parent=651"}],"curies":[{"name":"wp","href":"https:\/\/api.w.org\/{rel}","templated":true}]}}